{"id":1624,"date":"2019-07-16T15:39:33","date_gmt":"2019-07-16T13:39:33","guid":{"rendered":"https:\/\/test.zoodes3vallees.fr\/scolaire\/?post_type=project&#038;p=1624"},"modified":"2019-07-16T15:49:53","modified_gmt":"2019-07-16T13:49:53","slug":"chevre-naine-dafrique","status":"publish","type":"project","link":"https:\/\/www.zoo-attilly.fr\/scolaire\/project\/chevre-naine-dafrique\/","title":{"rendered":"Ch\u00e8vre naine d\u2019Afrique"},"content":{"rendered":"<p>[et_pb_section fb_built=\u00a0\u00bb1&Prime; make_equal=\u00a0\u00bbon\u00a0\u00bb use_custom_gutter=\u00a0\u00bbon\u00a0\u00bb gutter_width=\u00a0\u00bb2&Prime; specialty=\u00a0\u00bbon\u00a0\u00bb _builder_version=\u00a0\u00bb3.22.4&Prime; width=\u00a0\u00bb100%\u00a0\u00bb max_width=\u00a0\u00bb80%\u00a0\u00bb module_alignment=\u00a0\u00bbcenter\u00a0\u00bb inner_width=\u00a0\u00bb100%\u00a0\u00bb inner_max_width=\u00a0\u00bb100%\u00a0\u00bb][et_pb_column type=\u00a0\u00bb1_2&Prime; _builder_version=\u00a0\u00bb3.25&Prime; custom_padding=\u00a0\u00bb|||\u00a0\u00bb custom_padding__hover=\u00a0\u00bb|||\u00a0\u00bb][et_pb_image src=\u00a0\u00bbhttps:\/\/test.zoodes3vallees.fr\/scolaire\/wp-content\/uploads\/sites\/3\/2019\/07\/MarionMASSON-3097-web.jpg\u00a0\u00bb force_fullwidth=\u00a0\u00bbon\u00a0\u00bb align_tablet=\u00a0\u00bbcenter\u00a0\u00bb align_last_edited=\u00a0\u00bbon|desktop\u00a0\u00bb _builder_version=\u00a0\u00bb3.26&Prime;][\/et_pb_image][\/et_pb_column][et_pb_column type=\u00a0\u00bb1_2&Prime; specialty_columns=\u00a0\u00bb2&Prime; _builder_version=\u00a0\u00bb3.25&Prime; custom_padding=\u00a0\u00bb|||\u00a0\u00bb custom_padding__hover=\u00a0\u00bb|||\u00a0\u00bb][et_pb_row_inner custom_padding=\u00a0\u00bb||14px|||\u00a0\u00bb _builder_version=\u00a0\u00bb3.25&Prime;][et_pb_column_inner saved_specialty_column_type=\u00a0\u00bb1_2&Prime; _builder_version=\u00a0\u00bb3.25&Prime; custom_padding=\u00a0\u00bb|||\u00a0\u00bb custom_padding__hover=\u00a0\u00bb|||\u00a0\u00bb][et_pb_text _builder_version=\u00a0\u00bb3.26&Prime; text_font=\u00a0\u00bbRoboto|300|||||||\u00a0\u00bb text_text_color=\u00a0\u00bb#e06100&Prime; text_font_size=\u00a0\u00bb20px\u00a0\u00bb header_font=\u00a0\u00bbRoboto|900|||||||\u00a0\u00bb header_text_color=\u00a0\u00bb#e06100&Prime; header_font_size=\u00a0\u00bb38px\u00a0\u00bb header_letter_spacing=\u00a0\u00bb1px\u00a0\u00bb header_2_font=\u00a0\u00bbRoboto||on||||||\u00a0\u00bb header_2_text_color=\u00a0\u00bb#471f00&Prime; header_2_font_size=\u00a0\u00bb20px\u00a0\u00bb header_3_font=\u00a0\u00bbRoboto|700|||||||\u00a0\u00bb header_3_text_color=\u00a0\u00bb#471f00&Prime; header_3_font_size=\u00a0\u00bb26px\u00a0\u00bb header_4_font=\u00a0\u00bb||||||||\u00a0\u00bb header_4_text_color=\u00a0\u00bb#471f00&Prime; header_4_font_size=\u00a0\u00bb24px\u00a0\u00bb header_4_line_height=\u00a0\u00bb2em\u00a0\u00bb]<\/p>\n<h1>Ch\u00e8vre naine d\u2019Afrique<\/h1>\n<h2>Capra hircus<\/h2>\n<h3>African pygmy goat<\/h3>\n<p>La ch\u00e8vre naine est une race de ch\u00e8vres essentiellement domestique de par son caract\u00e8re attachant, social et affectueux.<\/p>\n<h4>Statut : <span style=\"color: #99cc00\">Esp\u00e8ce domestique<\/span><\/h4>\n<p>[\/et_pb_text][\/et_pb_column_inner][\/et_pb_row_inner][et_pb_row_inner column_structure=\u00a0\u00bb1_3,1_3,1_3&Prime; custom_padding=\u00a0\u00bb21px||18px|||\u00a0\u00bb _builder_version=\u00a0\u00bb3.25&Prime;][et_pb_column_inner type=\u00a0\u00bb1_3&Prime; saved_specialty_column_type=\u00a0\u00bb1_2&Prime; _builder_version=\u00a0\u00bb3.25&Prime; custom_padding=\u00a0\u00bb|||\u00a0\u00bb custom_padding__hover=\u00a0\u00bb|||\u00a0\u00bb][\/et_pb_column_inner][et_pb_column_inner type=\u00a0\u00bb1_3&Prime; saved_specialty_column_type=\u00a0\u00bb1_2&Prime; _builder_version=\u00a0\u00bb3.25&Prime; custom_padding=\u00a0\u00bb|||\u00a0\u00bb custom_padding__hover=\u00a0\u00bb|||\u00a0\u00bb][et_pb_blurb title=\u00a0\u00bbAlimentation\u00a0\u00bb _builder_version=\u00a0\u00bb3.26&Prime; header_level=\u00a0\u00bbh2&Prime; header_font=\u00a0\u00bbRoboto|700||on|||||\u00a0\u00bb header_text_color=\u00a0\u00bb#471f00&Prime; header_font_size=\u00a0\u00bb28px\u00a0\u00bb body_font=\u00a0\u00bbRoboto|300|||||||\u00a0\u00bb body_text_color=\u00a0\u00bb#471f00&Prime; body_font_size=\u00a0\u00bb19px\u00a0\u00bb text_orientation=\u00a0\u00bbcenter\u00a0\u00bb]<\/p>\n<p>Principalement de l\u2019herbe, v\u00e9g\u00e9taux sauvages ou cultiv\u00e9s.<\/p>\n<p>[\/et_pb_blurb][\/et_pb_column_inner][et_pb_column_inner type=\u00a0\u00bb1_3&Prime; saved_specialty_column_type=\u00a0\u00bb1_2&Prime; _builder_version=\u00a0\u00bb3.25&Prime; custom_padding=\u00a0\u00bb|||\u00a0\u00bb custom_padding__hover=\u00a0\u00bb|||\u00a0\u00bb][et_pb_blurb title=\u00a0\u00bbReproduction\u00a0\u00bb _builder_version=\u00a0\u00bb3.26&Prime; header_level=\u00a0\u00bbh2&Prime; header_font=\u00a0\u00bbRoboto|700||on|||||\u00a0\u00bb header_text_color=\u00a0\u00bb#471f00&Prime; header_font_size=\u00a0\u00bb28px\u00a0\u00bb body_font=\u00a0\u00bbRoboto|300|||||||\u00a0\u00bb body_text_color=\u00a0\u00bb#471f00&Prime; body_font_size=\u00a0\u00bb19px\u00a0\u00bb text_orientation=\u00a0\u00bbcenter\u00a0\u00bb]<\/p>\n<p>Un ou deux chevreaux naissent apr\u00e8s 5 mois de gestation.<\/p>\n<p>[\/et_pb_blurb][\/et_pb_column_inner][\/et_pb_row_inner][et_pb_row_inner column_structure=\u00a0\u00bb1_3,1_3,1_3&Prime; custom_padding=\u00a0\u00bb21px|||||\u00a0\u00bb _builder_version=\u00a0\u00bb3.25&Prime;][et_pb_column_inner type=\u00a0\u00bb1_3&Prime; saved_specialty_column_type=\u00a0\u00bb1_2&Prime; _builder_version=\u00a0\u00bb3.25&Prime; custom_padding=\u00a0\u00bb|||\u00a0\u00bb custom_padding__hover=\u00a0\u00bb|||\u00a0\u00bb][et_pb_blurb title=\u00a0\u00bbClasse\u00a0\u00bb _builder_version=\u00a0\u00bb3.26&Prime; header_level=\u00a0\u00bbh2&Prime; header_font=\u00a0\u00bbRoboto|700||on|||||\u00a0\u00bb header_text_color=\u00a0\u00bb#471f00&Prime; header_font_size=\u00a0\u00bb28px\u00a0\u00bb body_font=\u00a0\u00bbRoboto|300|||||||\u00a0\u00bb body_text_color=\u00a0\u00bb#471f00&Prime; body_font_size=\u00a0\u00bb19px\u00a0\u00bb text_orientation=\u00a0\u00bbcenter\u00a0\u00bb]<\/p>\n<p>Mammif\u00e8res<\/p>\n<p>[\/et_pb_blurb][et_pb_blurb title=\u00a0\u00bbLong\u00e9vit\u00e9\u00a0\u00bb _builder_version=\u00a0\u00bb3.26&Prime; header_level=\u00a0\u00bbh2&Prime; header_font=\u00a0\u00bbRoboto|700||on|||||\u00a0\u00bb header_text_color=\u00a0\u00bb#471f00&Prime; header_font_size=\u00a0\u00bb28px\u00a0\u00bb body_font=\u00a0\u00bbRoboto|300|||||||\u00a0\u00bb body_text_color=\u00a0\u00bb#471f00&Prime; body_font_size=\u00a0\u00bb19px\u00a0\u00bb text_orientation=\u00a0\u00bbcenter\u00a0\u00bb]<\/p>\n<p>De 14 ans<\/p>\n<p>[\/et_pb_blurb][\/et_pb_column_inner][et_pb_column_inner type=\u00a0\u00bb1_3&Prime; saved_specialty_column_type=\u00a0\u00bb1_2&Prime; _builder_version=\u00a0\u00bb3.25&Prime; custom_padding=\u00a0\u00bb|||\u00a0\u00bb custom_padding__hover=\u00a0\u00bb|||\u00a0\u00bb][et_pb_blurb title=\u00a0\u00bbOrdre\u00a0\u00bb _builder_version=\u00a0\u00bb3.26&Prime; header_level=\u00a0\u00bbh2&Prime; header_font=\u00a0\u00bbRoboto|700||on|||||\u00a0\u00bb header_text_color=\u00a0\u00bb#471f00&Prime; header_font_size=\u00a0\u00bb28px\u00a0\u00bb body_font=\u00a0\u00bbRoboto|300|||||||\u00a0\u00bb body_text_color=\u00a0\u00bb#471f00&Prime; body_font_size=\u00a0\u00bb19px\u00a0\u00bb text_orientation=\u00a0\u00bbcenter\u00a0\u00bb]<\/p>\n<p>Artiodactyles<\/p>\n<p>[\/et_pb_blurb][et_pb_blurb title=\u00a0\u00bbLongueur\u00a0\u00bb _builder_version=\u00a0\u00bb3.26&Prime; header_level=\u00a0\u00bbh2&Prime; header_font=\u00a0\u00bbRoboto|700||on|||||\u00a0\u00bb header_text_color=\u00a0\u00bb#471f00&Prime; header_font_size=\u00a0\u00bb28px\u00a0\u00bb body_font=\u00a0\u00bbRoboto|300|||||||\u00a0\u00bb body_text_color=\u00a0\u00bb#471f00&Prime; body_font_size=\u00a0\u00bb19px\u00a0\u00bb text_orientation=\u00a0\u00bbcenter\u00a0\u00bb]<\/p>\n<p>De 40 \u00e0 50 cm<\/p>\n<p>[\/et_pb_blurb][\/et_pb_column_inner][et_pb_column_inner type=\u00a0\u00bb1_3&Prime; saved_specialty_column_type=\u00a0\u00bb1_2&Prime; _builder_version=\u00a0\u00bb3.25&Prime; custom_padding=\u00a0\u00bb|||\u00a0\u00bb custom_padding__hover=\u00a0\u00bb|||\u00a0\u00bb][et_pb_blurb title=\u00a0\u00bbFamille\u00a0\u00bb _builder_version=\u00a0\u00bb3.26&Prime; header_level=\u00a0\u00bbh2&Prime; header_font=\u00a0\u00bbRoboto|700||on|||||\u00a0\u00bb header_text_color=\u00a0\u00bb#471f00&Prime; header_font_size=\u00a0\u00bb28px\u00a0\u00bb body_font=\u00a0\u00bbRoboto|300|||||||\u00a0\u00bb body_text_color=\u00a0\u00bb#471f00&Prime; body_font_size=\u00a0\u00bb19px\u00a0\u00bb text_orientation=\u00a0\u00bbcenter\u00a0\u00bb]<\/p>\n<p>Bovid\u00e9s<\/p>\n<p>[\/et_pb_blurb][et_pb_blurb title=\u00a0\u00bbPoids\u00a0\u00bb _builder_version=\u00a0\u00bb3.26&Prime; header_level=\u00a0\u00bbh2&Prime; header_font=\u00a0\u00bbRoboto|700||on|||||\u00a0\u00bb header_text_color=\u00a0\u00bb#471f00&Prime; header_font_size=\u00a0\u00bb28px\u00a0\u00bb body_font=\u00a0\u00bbRoboto|300|||||||\u00a0\u00bb body_text_color=\u00a0\u00bb#471f00&Prime; body_font_size=\u00a0\u00bb19px\u00a0\u00bb text_orientation=\u00a0\u00bbcenter\u00a0\u00bb]<\/p>\n<p>De 12 \u00e0 30 Kg<\/p>\n<p>[\/et_pb_blurb][\/et_pb_column_inner][\/et_pb_row_inner][et_pb_row_inner column_structure=\u00a0\u00bb1_2,1_2&Prime; custom_padding=\u00a0\u00bb19px|||||\u00a0\u00bb _builder_version=\u00a0\u00bb3.25&Prime;][et_pb_column_inner type=\u00a0\u00bb1_2&Prime; saved_specialty_column_type=\u00a0\u00bb1_2&Prime; _builder_version=\u00a0\u00bb3.25&Prime; custom_padding=\u00a0\u00bb|||\u00a0\u00bb custom_padding__hover=\u00a0\u00bb|||\u00a0\u00bb][et_pb_image src=\u00a0\u00bbhttps:\/\/test.zoodes3vallees.fr\/scolaire\/wp-content\/uploads\/sites\/3\/2019\/07\/ch\u00e8vre-naine-web.jpg\u00a0\u00bb align_tablet=\u00a0\u00bbcenter\u00a0\u00bb align_last_edited=\u00a0\u00bbon|desktop\u00a0\u00bb _builder_version=\u00a0\u00bb3.26&Prime;][\/et_pb_image][\/et_pb_column_inner][et_pb_column_inner type=\u00a0\u00bb1_2&Prime; saved_specialty_column_type=\u00a0\u00bb1_2&Prime; _builder_version=\u00a0\u00bb3.25&Prime; custom_padding=\u00a0\u00bb|||\u00a0\u00bb custom_padding__hover=\u00a0\u00bb|||\u00a0\u00bb][\/et_pb_column_inner][\/et_pb_row_inner][\/et_pb_column][\/et_pb_section]<\/p>\n","protected":false},"excerpt":{"rendered":"<p>Ch\u00e8vre naine d\u2019Afrique Capra hircus African pygmy goat La ch\u00e8vre naine est une race de ch\u00e8vres essentiellement domestique de par son caract\u00e8re attachant, social et affectueux. Statut : Esp\u00e8ce domestiquePrincipalement de l\u2019herbe, v\u00e9g\u00e9taux sauvages ou cultiv\u00e9s.Un ou deux chevreaux naissent apr\u00e8s 5 mois de gestation.Mammif\u00e8resDe 14 ansArtiodactylesDe 40 \u00e0 50 cmBovid\u00e9sDe 12 \u00e0 30 Kg<\/p>\n","protected":false},"author":3,"featured_media":0,"comment_status":"open","ping_status":"closed","template":"","meta":{"_et_pb_use_builder":"on","_et_pb_old_content":"","_et_gb_content_width":"","footnotes":""},"project_category":[11,12],"project_tag":[],"class_list":["post-1624","project","type-project","status-publish","hentry","project_category-animaux","project_category-mammiferes"],"acf":[],"yoast_head":"<!-- This site is optimized with the Yoast SEO plugin v27.5 - https:\/\/yoast.com\/product\/yoast-seo-wordpress\/ -->\n<title>Ch\u00e8vre naine d\u2019Afrique - Groupe - Zoo du bois d&#039;Attilly<\/title>\n<meta name=\"robots\" content=\"index, follow, max-snippet:-1, max-image-preview:large, max-video-preview:-1\" \/>\n<link rel=\"canonical\" href=\"https:\/\/www.zoo-attilly.fr\/scolaire\/project\/chevre-naine-dafrique\/\" \/>\n<meta property=\"og:locale\" content=\"fr_FR\" \/>\n<meta property=\"og:type\" content=\"article\" \/>\n<meta property=\"og:title\" content=\"Ch\u00e8vre naine d\u2019Afrique - Groupe - Zoo du bois d&#039;Attilly\" \/>\n<meta property=\"og:description\" content=\"Ch\u00e8vre naine d\u2019Afrique Capra hircus African pygmy goat La ch\u00e8vre naine est une race de ch\u00e8vres essentiellement domestique de par son caract\u00e8re attachant, social et affectueux. Statut : Esp\u00e8ce domestiquePrincipalement de l\u2019herbe, v\u00e9g\u00e9taux sauvages ou cultiv\u00e9s.Un ou deux chevreaux naissent apr\u00e8s 5 mois de gestation.Mammif\u00e8resDe 14 ansArtiodactylesDe 40 \u00e0 50 cmBovid\u00e9sDe 12 \u00e0 30 Kg\" \/>\n<meta property=\"og:url\" content=\"https:\/\/www.zoo-attilly.fr\/scolaire\/project\/chevre-naine-dafrique\/\" \/>\n<meta property=\"og:site_name\" content=\"Groupe - Zoo du bois d&#039;Attilly\" \/>\n<meta property=\"article:modified_time\" content=\"2019-07-16T13:49:53+00:00\" \/>\n<meta name=\"twitter:card\" content=\"summary_large_image\" \/>\n<meta name=\"twitter:label1\" content=\"Dur\u00e9e de lecture estim\u00e9e\" \/>\n\t<meta name=\"twitter:data1\" content=\"4 minutes\" \/>\n<script type=\"application\/ld+json\" class=\"yoast-schema-graph\">{\"@context\":\"https:\\\/\\\/schema.org\",\"@graph\":[{\"@type\":\"WebPage\",\"@id\":\"https:\\\/\\\/www.zoo-attilly.fr\\\/scolaire\\\/project\\\/chevre-naine-dafrique\\\/\",\"url\":\"https:\\\/\\\/www.zoo-attilly.fr\\\/scolaire\\\/project\\\/chevre-naine-dafrique\\\/\",\"name\":\"Ch\u00e8vre naine d\u2019Afrique - Groupe - Zoo du bois d&#039;Attilly\",\"isPartOf\":{\"@id\":\"https:\\\/\\\/www.zoo-attilly.fr\\\/scolaire\\\/#website\"},\"datePublished\":\"2019-07-16T13:39:33+00:00\",\"dateModified\":\"2019-07-16T13:49:53+00:00\",\"breadcrumb\":{\"@id\":\"https:\\\/\\\/www.zoo-attilly.fr\\\/scolaire\\\/project\\\/chevre-naine-dafrique\\\/#breadcrumb\"},\"inLanguage\":\"fr-FR\",\"potentialAction\":[{\"@type\":\"ReadAction\",\"target\":[\"https:\\\/\\\/www.zoo-attilly.fr\\\/scolaire\\\/project\\\/chevre-naine-dafrique\\\/\"]}]},{\"@type\":\"BreadcrumbList\",\"@id\":\"https:\\\/\\\/www.zoo-attilly.fr\\\/scolaire\\\/project\\\/chevre-naine-dafrique\\\/#breadcrumb\",\"itemListElement\":[{\"@type\":\"ListItem\",\"position\":1,\"name\":\"Accueil\",\"item\":\"https:\\\/\\\/www.zoo-attilly.fr\\\/scolaire\\\/\"},{\"@type\":\"ListItem\",\"position\":2,\"name\":\"Projets\",\"item\":\"https:\\\/\\\/www.zoo-attilly.fr\\\/scolaire\\\/project\\\/\"},{\"@type\":\"ListItem\",\"position\":3,\"name\":\"Ch\u00e8vre naine d\u2019Afrique\"}]},{\"@type\":\"WebSite\",\"@id\":\"https:\\\/\\\/www.zoo-attilly.fr\\\/scolaire\\\/#website\",\"url\":\"https:\\\/\\\/www.zoo-attilly.fr\\\/scolaire\\\/\",\"name\":\"Groupe - Zoo du bois d&#039;Attilly\",\"description\":\"Seine et marne\",\"potentialAction\":[{\"@type\":\"SearchAction\",\"target\":{\"@type\":\"EntryPoint\",\"urlTemplate\":\"https:\\\/\\\/www.zoo-attilly.fr\\\/scolaire\\\/?s={search_term_string}\"},\"query-input\":{\"@type\":\"PropertyValueSpecification\",\"valueRequired\":true,\"valueName\":\"search_term_string\"}}],\"inLanguage\":\"fr-FR\"}]}<\/script>\n<!-- \/ Yoast SEO plugin. -->","yoast_head_json":{"title":"Ch\u00e8vre naine d\u2019Afrique - Groupe - Zoo du bois d&#039;Attilly","robots":{"index":"index","follow":"follow","max-snippet":"max-snippet:-1","max-image-preview":"max-image-preview:large","max-video-preview":"max-video-preview:-1"},"canonical":"https:\/\/www.zoo-attilly.fr\/scolaire\/project\/chevre-naine-dafrique\/","og_locale":"fr_FR","og_type":"article","og_title":"Ch\u00e8vre naine d\u2019Afrique - Groupe - Zoo du bois d&#039;Attilly","og_description":"Ch\u00e8vre naine d\u2019Afrique Capra hircus African pygmy goat La ch\u00e8vre naine est une race de ch\u00e8vres essentiellement domestique de par son caract\u00e8re attachant, social et affectueux. Statut : Esp\u00e8ce domestiquePrincipalement de l\u2019herbe, v\u00e9g\u00e9taux sauvages ou cultiv\u00e9s.Un ou deux chevreaux naissent apr\u00e8s 5 mois de gestation.Mammif\u00e8resDe 14 ansArtiodactylesDe 40 \u00e0 50 cmBovid\u00e9sDe 12 \u00e0 30 Kg","og_url":"https:\/\/www.zoo-attilly.fr\/scolaire\/project\/chevre-naine-dafrique\/","og_site_name":"Groupe - Zoo du bois d&#039;Attilly","article_modified_time":"2019-07-16T13:49:53+00:00","twitter_card":"summary_large_image","twitter_misc":{"Dur\u00e9e de lecture estim\u00e9e":"4 minutes"},"schema":{"@context":"https:\/\/schema.org","@graph":[{"@type":"WebPage","@id":"https:\/\/www.zoo-attilly.fr\/scolaire\/project\/chevre-naine-dafrique\/","url":"https:\/\/www.zoo-attilly.fr\/scolaire\/project\/chevre-naine-dafrique\/","name":"Ch\u00e8vre naine d\u2019Afrique - Groupe - Zoo du bois d&#039;Attilly","isPartOf":{"@id":"https:\/\/www.zoo-attilly.fr\/scolaire\/#website"},"datePublished":"2019-07-16T13:39:33+00:00","dateModified":"2019-07-16T13:49:53+00:00","breadcrumb":{"@id":"https:\/\/www.zoo-attilly.fr\/scolaire\/project\/chevre-naine-dafrique\/#breadcrumb"},"inLanguage":"fr-FR","potentialAction":[{"@type":"ReadAction","target":["https:\/\/www.zoo-attilly.fr\/scolaire\/project\/chevre-naine-dafrique\/"]}]},{"@type":"BreadcrumbList","@id":"https:\/\/www.zoo-attilly.fr\/scolaire\/project\/chevre-naine-dafrique\/#breadcrumb","itemListElement":[{"@type":"ListItem","position":1,"name":"Accueil","item":"https:\/\/www.zoo-attilly.fr\/scolaire\/"},{"@type":"ListItem","position":2,"name":"Projets","item":"https:\/\/www.zoo-attilly.fr\/scolaire\/project\/"},{"@type":"ListItem","position":3,"name":"Ch\u00e8vre naine d\u2019Afrique"}]},{"@type":"WebSite","@id":"https:\/\/www.zoo-attilly.fr\/scolaire\/#website","url":"https:\/\/www.zoo-attilly.fr\/scolaire\/","name":"Groupe - Zoo du bois d&#039;Attilly","description":"Seine et marne","potentialAction":[{"@type":"SearchAction","target":{"@type":"EntryPoint","urlTemplate":"https:\/\/www.zoo-attilly.fr\/scolaire\/?s={search_term_string}"},"query-input":{"@type":"PropertyValueSpecification","valueRequired":true,"valueName":"search_term_string"}}],"inLanguage":"fr-FR"}]}},"_links":{"self":[{"href":"https:\/\/www.zoo-attilly.fr\/scolaire\/wp-json\/wp\/v2\/project\/1624","targetHints":{"allow":["GET"]}}],"collection":[{"href":"https:\/\/www.zoo-attilly.fr\/scolaire\/wp-json\/wp\/v2\/project"}],"about":[{"href":"https:\/\/www.zoo-attilly.fr\/scolaire\/wp-json\/wp\/v2\/types\/project"}],"author":[{"embeddable":true,"href":"https:\/\/www.zoo-attilly.fr\/scolaire\/wp-json\/wp\/v2\/users\/3"}],"replies":[{"embeddable":true,"href":"https:\/\/www.zoo-attilly.fr\/scolaire\/wp-json\/wp\/v2\/comments?post=1624"}],"version-history":[{"count":4,"href":"https:\/\/www.zoo-attilly.fr\/scolaire\/wp-json\/wp\/v2\/project\/1624\/revisions"}],"predecessor-version":[{"id":1633,"href":"https:\/\/www.zoo-attilly.fr\/scolaire\/wp-json\/wp\/v2\/project\/1624\/revisions\/1633"}],"wp:attachment":[{"href":"https:\/\/www.zoo-attilly.fr\/scolaire\/wp-json\/wp\/v2\/media?parent=1624"}],"wp:term":[{"taxonomy":"project_category","embeddable":true,"href":"https:\/\/www.zoo-attilly.fr\/scolaire\/wp-json\/wp\/v2\/project_category?post=1624"},{"taxonomy":"project_tag","embeddable":true,"href":"https:\/\/www.zoo-attilly.fr\/scolaire\/wp-json\/wp\/v2\/project_tag?post=1624"}],"curies":[{"name":"wp","href":"https:\/\/api.w.org\/{rel}","templated":true}]}}